{"id":10365,"date":"2023-05-05T08:33:36","date_gmt":"2023-05-05T06:33:36","guid":{"rendered":"https:\/\/www.doctorbarret.com\/tarifas-medicina-estetica-barcelona\/"},"modified":"2025-05-20T18:33:34","modified_gmt":"2025-05-20T18:33:34","slug":"tarifes-medicina-estetica-barcelona","status":"publish","type":"page","link":"http:\/\/www.doctorbarret.com\/ca\/tarifes-medicina-estetica-barcelona\/","title":{"rendered":"Tarifes"},"content":{"rendered":"<div class=\"wpb-content-wrapper\">[vc_row css=&#8221;.vc_custom_1683274792768{margin-top: 150px !important;}&#8221; el_class=&#8221;tar_head&#8221;][vc_column][vc_custom_heading text=&#8221;Tarifes medicina est\u00e8tica&#8221; font_container=&#8221;tag:h1|font_size:35px|text_align:left|color:%23fdc62d|line_height:42px&#8221; google_fonts=&#8221;font_family:Montserrat%3Aregular%2C700|font_style:700%20bold%20regular%3A700%3Anormal&#8221; el_class=&#8221;tit_tarifas&#8221;][vc_custom_heading text=&#8221;Facial&#8221; font_container=&#8221;tag:h3|font_size:24px|text_align:left|color:%23404040|line_height:34px&#8221; google_fonts=&#8221;font_family:Montserrat%3Aregular%2C700|font_style:400%20regular%3A400%3Anormal&#8221; el_class=&#8221;tit_tarifas2&#8243;][mk_table title=&#8221;Injectables&#8221;]\n<table class=\"t_tarifas2\">\n<thead>\n<tr>\n<td class=\"colhead_1\" style=\"text-align: left;\">Tractament<\/td>\n<td class=\"colhead_2\">Descripci\u00f3<\/td>\n<td class=\"colhead_3\">Preu<\/td>\n<\/tr>\n<\/thead>\n<tbody>\n<tr>\n<td class=\"col1\" style=\"text-align: left;\">Toxina botul\u00ednica<\/td>\n<td class=\"col2\">Front i entrecella (1 vial)<\/td>\n<td class=\"col3\">400\u20ac<\/td>\n<\/tr>\n<tr>\n<td class=\"col1\" style=\"text-align: left;\">Toxina botul\u00ednica<\/td>\n<td class=\"col2\">Front, entrecella i potes de gall (1 vial)<\/td>\n<td class=\"col3\">450\u20ac<\/td>\n<\/tr>\n<tr>\n<td class=\"col1\" style=\"text-align: left;\">Toxina botul\u00ednica<\/td>\n<td class=\"col2\">Bruxisme (1 vial)<\/td>\n<td class=\"col3\">450\u20ac<\/td>\n<\/tr>\n<tr>\n<td class=\"col1\" style=\"text-align: left;\">Toxina botul\u00ednica<\/td>\n<td class=\"col2\">Somriure gingival (1 vial)<\/td>\n<td class=\"col3\">450\u20ac<\/td>\n<\/tr>\n<tr>\n<td class=\"col1\" style=\"text-align: left;\">\u00c0cid Hialur\u00f2nic<\/td>\n<td class=\"col2\">Solcs nasogenians (1 vial)<\/td>\n<td class=\"col3\">450\u20ac<\/td>\n<\/tr>\n<tr>\n<td class=\"col1\" style=\"text-align: left;\">\u00c0cid Hialur\u00f2nic<\/td>\n<td class=\"col2\">Ulleres (1 vial)<\/td>\n<td class=\"col3\">500\u20ac<\/td>\n<\/tr>\n<tr>\n<td class=\"col1\" style=\"text-align: left;\">\u00c0cid Hialur\u00f2nic<\/td>\n<td class=\"col2\">Augment llavis (1 vial)<\/td>\n<td class=\"col3\">550\u20ac<\/td>\n<\/tr>\n<tr>\n<td class=\"col1\" style=\"text-align: left;\">\u00c0cid Hialur\u00f2nic<\/td>\n<td class=\"col2\">Augment llavis (2 viales)<\/td>\n<td class=\"col3\">770\u20ac<\/td>\n<\/tr>\n<tr>\n<td class=\"col1\" style=\"text-align: left;\">Radiesse<\/td>\n<td class=\"col2\">Per zona (1 vial)<\/td>\n<td class=\"col3\">450\u20ac<\/td>\n<\/tr>\n<\/tbody>\n<\/table>\n[\/mk_table][vc_empty_space][mk_table title=&#8221;Medicina regenerativa (ter\u00e0pia cel\u00b7lular: pell vellutada, llavis hidratats, disminuci\u00f3 caiguda de cabell)&#8221;]\n<table class=\"t_tarifas2\">\n<thead>\n<tr>\n<td class=\"colhead_1\" style=\"text-align: left;\">Tractament<\/td>\n<td class=\"colhead_2\" style=\"text-align: center;\">Descripci\u00f3<\/td>\n<td class=\"colhead_3\" style=\"text-align: center;\">Preu<\/td>\n<\/tr>\n<\/thead>\n<tbody>\n<tr>\n<td class=\"col1\" style=\"text-align: left;\">PRP (Plasma Ric en Plaquetes)<\/td>\n<td class=\"col2\">Cara<\/td>\n<td class=\"col3\">450\u20ac<\/td>\n<\/tr>\n<tr>\n<td class=\"col1\" style=\"text-align: left;\">PRP (Plasma Ric en Plaquetes)<\/td>\n<td class=\"col2\">Llavis<\/td>\n<td class=\"col3\">300\u20ac<\/td>\n<\/tr>\n<tr>\n<td class=\"col1\" style=\"text-align: left;\">PRP (Plasma Ric en Plaquetes)<\/td>\n<td class=\"col2\">Cuir cabellut<\/td>\n<td class=\"col3\">520\u20ac<\/td>\n<\/tr>\n<tr>\n<td class=\"col1\" style=\"text-align: left;\">SARC (S\u00e8rum Aut\u00f2leg Ric en Citocines)<\/td>\n<td class=\"col2\">Cara<\/td>\n<td class=\"col3\">750\u20ac<\/td>\n<\/tr>\n<tr>\n<td class=\"col1\" style=\"text-align: left;\">SARC (S\u00e8rum Aut\u00f2leg Ric en Citocines)<\/td>\n<td class=\"col2\">Llavis<\/td>\n<td class=\"col3\">500\u20ac<\/td>\n<\/tr>\n<tr>\n<td class=\"col1\" style=\"text-align: left;\">SARC (S\u00e8rum Aut\u00f2leg Ric en Citocines)<\/td>\n<td class=\"col2\">Cuir cabellut<\/td>\n<td class=\"col3\">820\u20ac<\/td>\n<\/tr>\n<\/tbody>\n<\/table>\n[\/mk_table][vc_empty_space][mk_table title=&#8221;Radiofreq\u00fc\u00e8ncia externa (ter\u00e0pia cel\u00b7lular: pell vellutada, llavis hidratats, disminuci\u00f3 caiguda de cabell)&#8221;]\n<table class=\"t_tarifas2\">\n<thead>\n<tr>\n<td class=\"colhead_1\" style=\"text-align: left;\">Tractament<\/td>\n<td class=\"colhead_2\">Descripci\u00f3<\/td>\n<td class=\"colhead_3\">Preu<\/td>\n<\/tr>\n<\/thead>\n<tbody>\n<tr>\n<td class=\"col1\" style=\"text-align: left;\">Indiba<\/td>\n<td class=\"col2\">Sesi\u00f3 de 40 min<\/td>\n<td class=\"col3\">70\u20ac<\/td>\n<\/tr>\n<tr>\n<td class=\"col1\" style=\"text-align: left;\">Indiba<\/td>\n<td class=\"col2\">Pack 6 sesions<\/td>\n<td class=\"col3\">380\u20ac<\/td>\n<\/tr>\n<tr>\n<td class=\"col1\" style=\"text-align: left;\">Indiba protocol quir\u00fargic (2 sessions pre-cirurgia+6 sessions post-cirurgia)<\/td>\n<td class=\"col2\"><\/td>\n<td class=\"col3\">520\u20ac<\/td>\n<\/tr>\n<\/tbody>\n<\/table>\n[\/mk_table][vc_empty_space][mk_table title=&#8221;Radiofreq\u00fc\u00e8ncia bipolar fraccionada interna (disminueix\/elimina: flaccidesa, arrugues superficials, acne activa, cicatrius d&#8217;acne)&#8221;]\n<table class=\"t_tarifas2\">\n<thead>\n<tr>\n<td class=\"colhead_1\">Tractament<\/td>\n<td class=\"colhead_2\">Descripci\u00f3<\/td>\n<td class=\"colhead_3\">Preu<\/td>\n<\/tr>\n<\/thead>\n<tbody>\n<tr>\n<td class=\"col1\">Morpheus8<\/td>\n<td class=\"col2\">Facial<\/td>\n<td class=\"col3\">800\u20ac<\/td>\n<\/tr>\n<tr>\n<td class=\"col1\">Morpheus8<\/td>\n<td class=\"col2\">Pack facial (3 sesions)<\/td>\n<td class=\"col3\">2160\u20ac<\/td>\n<\/tr>\n<\/tbody>\n<\/table>\n[\/mk_table][vc_empty_space][mk_table title=&#8221;Tractaments d&#8217;higiene, hidrataci\u00f3, lluminositat i relaxaci\u00f3&#8221;]\n<table class=\"t_tarifas2 aligncenter\">\n<thead>\n<tr>\n<td class=\"colhead_1\" style=\"text-align: left;\">Tractament<\/td>\n<td class=\"colhead_2\">Descripci\u00f3<\/td>\n<td class=\"colhead_3\">Preu<\/td>\n<\/tr>\n<\/thead>\n<tbody>\n<tr>\n<td class=\"col1\" style=\"text-align: left;\">Higiene facial profunda<\/td>\n<td class=\"col2\"><\/td>\n<td class=\"col3\">70\u20ac<\/td>\n<\/tr>\n<tr>\n<td class=\"col1\" style=\"text-align: left;\">Higiene facial profunda amb massatge cranial<\/td>\n<td class=\"col2\"><\/td>\n<td class=\"col3\">110\u20ac<\/td>\n<\/tr>\n<tr>\n<td class=\"col1\" style=\"text-align: left;\">Higiene facial profunda amb tecnologia Ona by Indiba<\/td>\n<td class=\"col2\">Sessi\u00f3 de 60 minuts<\/td>\n<td class=\"col3\">125\u20ac<\/td>\n<\/tr>\n<tr>\n<td class=\"col1\" style=\"text-align: left;\">Peeling facial superficial (exfoliant, lluminositat, disminueix\/elimina taques de la pell i petites arrugues)<\/td>\n<td class=\"col2\"><\/td>\n<td class=\"col3\">70\u20ac<\/td>\n<\/tr>\n<tr>\n<td class=\"col1\" style=\"text-align: left;\">Peeling facial mitj\u00e0 (peeling facial intens)<\/td>\n<td class=\"col2\"><\/td>\n<td class=\"col3\">110\u20ac<\/td>\n<\/tr>\n<tr>\n<td class=\"col1\" style=\"text-align: left;\">Drenatge limf\u00e0tic manual (elimina acumulaci\u00f3 de l\u00edquids, desinflama despr\u00e9s d&#8217;una cirurgia)<\/td>\n<td class=\"col2\">Sessi\u00f3 de 45 min<\/td>\n<td class=\"col3\">60\u20ac<\/td>\n<\/tr>\n<\/tbody>\n<\/table>\n[\/mk_table][vc_empty_space][vc_custom_heading text=&#8221;CORPORAL&#8221; font_container=&#8221;tag:h3|font_size:24px|text_align:left|color:%23404040|line_height:34px&#8221; google_fonts=&#8221;font_family:Montserrat%3Aregular%2C700|font_style:400%20regular%3A400%3Anormal&#8221; el_class=&#8221;tit_tarifas2&#8243;][mk_table title=&#8221;Injectables&#8221;]\n<table class=\"t_tarifas2\">\n<thead>\n<tr>\n<td class=\"colhead_1\" style=\"text-align: left;\">Tractament<\/td>\n<td class=\"colhead_2\">Descripci\u00f3<\/td>\n<td class=\"colhead_3\">Preu<\/td>\n<\/tr>\n<\/thead>\n<tbody>\n<tr>\n<td class=\"col1\" style=\"text-align: left;\">Toxina botul\u00ednica<\/td>\n<td class=\"col2\">Hiperhidrosis (2 viales)<\/td>\n<td class=\"col3\">700\u20ac<\/td>\n<\/tr>\n<\/tbody>\n<\/table>\n[\/mk_table][vc_empty_space][mk_table title=&#8221;Medicina regenerativa (ter\u00e0pia cel\u00b7lular: millora d&#8217;hidrataci\u00f3 cut\u00e0nia, pell vellutada)&#8221;]\n<table class=\"t_tarifas2\">\n<thead>\n<tr>\n<td class=\"colhead_1\" style=\"text-align: left;\">Tractament<\/td>\n<td class=\"colhead_2\">Descripci\u00f3<\/td>\n<td class=\"colhead_3\">Preu<\/td>\n<\/tr>\n<\/thead>\n<tbody>\n<tr>\n<td class=\"col1\" style=\"text-align: left;\">PRP (Plasma Ric en Plaquetes)<\/td>\n<td class=\"col2\">Escot i cara<\/td>\n<td class=\"col3\">520\u20ac<\/td>\n<\/tr>\n<tr>\n<td class=\"col1\" style=\"text-align: left;\">PRP (Plasma Ric en Plaquetes)<\/td>\n<td class=\"col2\">Mans<\/td>\n<td class=\"col3\">520\u20ac<\/td>\n<\/tr>\n<tr>\n<td class=\"col1\" style=\"text-align: left;\">PRP (Plasma Ric en Plaquetes)<\/td>\n<td class=\"col2\">Mans i cara<\/td>\n<td class=\"col3\">940\u20ac<\/td>\n<\/tr>\n<tr>\n<td class=\"col1\" style=\"text-align: left;\">SARC (S\u00e8rum Aut\u00f2leg Ric en Citocines)<\/td>\n<td class=\"col2\">Escot i cara<\/td>\n<td class=\"col3\">820\u20ac<\/td>\n<\/tr>\n<tr>\n<td class=\"col1\" style=\"text-align: left;\">SARC (S\u00e8rum Aut\u00f2leg Ric en Citocines)<\/td>\n<td class=\"col2\">Mans<\/td>\n<td class=\"col3\">820\u20ac<\/td>\n<\/tr>\n<tr>\n<td class=\"col1\" style=\"text-align: left;\">SARC (S\u00e8rum Aut\u00f2leg Ric en Citocines)<\/td>\n<td class=\"col2\">Mans i cara<\/td>\n<td class=\"col3\">1520\u20ac<\/td>\n<\/tr>\n<\/tbody>\n<\/table>\n[\/mk_table][vc_empty_space][mk_table title=&#8221;Radiofreq\u00fc\u00e8ncia externa (efecte tensor, activa la circulaci\u00f3 sangu\u00ednia, oxigena i hidrata la pell)&#8221;]\n<table class=\"t_tarifas2\">\n<thead>\n<tr>\n<td class=\"colhead_1\" style=\"text-align: left;\">Tractament<\/td>\n<td class=\"colhead_2\">Descripci\u00f3<\/td>\n<td class=\"colhead_3\">Preu<\/td>\n<\/tr>\n<\/thead>\n<tbody>\n<tr>\n<td class=\"col1\" style=\"text-align: left;\">Indiba<\/td>\n<td class=\"col2\">Sessi\u00f3 de 40 min<\/td>\n<td class=\"col3\">70\u20ac<\/td>\n<\/tr>\n<tr>\n<td class=\"col1\" style=\"text-align: left;\">Indiba<\/td>\n<td class=\"col2\">Pack 6 sesions<\/td>\n<td class=\"col3\">380\u20ac<\/td>\n<\/tr>\n<tr>\n<td class=\"col1\" style=\"text-align: left;\">Indiba protocol quir\u00fargic (2 sessions pre-cirurgia+6 sessions post-cirurgia)<\/td>\n<td class=\"col2\"><\/td>\n<td class=\"col3\">520\u20ac<\/td>\n<\/tr>\n<\/tbody>\n<\/table>\n[\/mk_table][vc_empty_space][mk_table title=&#8221;Radiofreq\u00fc\u00e8ncia bipolar fraccionada interna (disminueix\/elimina: cel\u00b7lulitis, estries, flaccidesa, sudoraci\u00f3 excessiva)&#8221;]\n<table class=\"t_tarifas2\">\n<thead>\n<tr>\n<td class=\"colhead_1\" style=\"text-align: left;\">Tractament<\/td>\n<td class=\"colhead_2\">Descripci\u00f3<\/td>\n<td class=\"colhead_3\">Preu<\/td>\n<\/tr>\n<\/thead>\n<tbody>\n<tr>\n<td class=\"col1\" style=\"text-align: left;\">Morpheus8<\/td>\n<td class=\"col2\">Per zona (escot\/abdomen\/glutis\/cara interna cames\/cara interna bra\u00e7os\/flancs esquena)<\/td>\n<td class=\"col3\">850\u20ac<\/td>\n<\/tr>\n<tr>\n<td class=\"col1\" style=\"text-align: left;\">Morpheus8<\/td>\n<td class=\"col2\">Pack corporal (3 sesiones)<\/td>\n<td class=\"col3\">2300\u20ac<\/td>\n<\/tr>\n<\/tbody>\n<\/table>\n[\/mk_table][vc_empty_space][mk_table title=&#8221;Tractaments d&#8217;higiene, hidrataci\u00f3, lluminositat i relaxaci\u00f3&#8221;]\n<table class=\"t_tarifas2\">\n<thead>\n<tr>\n<td class=\"colhead_1\" style=\"text-align: left;\">Tractament<\/td>\n<td class=\"colhead_2\">Descripci\u00f3<\/td>\n<td class=\"colhead_3\">Preu<\/td>\n<\/tr>\n<\/thead>\n<tbody>\n<tr>\n<td class=\"col1\" style=\"text-align: left;\">Drenatge limf\u00e0tic manual (elimina acumulaci\u00f3 de l\u00edquids, desinflama despr\u00e9s d&#8217;una cirurgia)<\/td>\n<td class=\"col2\">Sessi\u00f3 de 45 min<\/td>\n<td class=\"col3\">60\u20ac<\/td>\n<\/tr>\n<tr>\n<td class=\"col1\" style=\"text-align: left;\">Drenatge limf\u00e0tic manual en cames (elimina acumulaci\u00f3 de l\u00edquids, relaxa les cames pesades, afavoreix la circulaci\u00f3)<\/td>\n<td class=\"col2\">Sessi\u00f3 de 45 min<\/td>\n<td class=\"col3\">60\u20ac<\/td>\n<\/tr>\n<tr>\n<td class=\"col1\" style=\"text-align: left;\">Quiromassatje 55 min (relaxa i descontractura)<\/td>\n<td class=\"col2\"><\/td>\n<td class=\"col3\">80\u20ac<\/td>\n<\/tr>\n<\/tbody>\n<\/table>\n[\/mk_table][\/vc_column][\/vc_row][vc_row fullwidth=&#8221;true&#8221; fullwidth_content=&#8221;false&#8221; css=&#8221;.vc_custom_1683272061148{padding-top: 75px !important;padding-bottom: 40px !important;background-color: #ededed !important;}&#8221; el_class=&#8221;row_co4 tar_con&#8221;][vc_column][vc_column_text css=&#8221;.vc_custom_1506089995988{margin-bottom: 0px !important;}&#8221;]\n<h2>\u00bfTIENES DUDAS?<\/h2>\n[\/vc_column_text][vc_column_text css=&#8221;.vc_custom_1505489386284{margin-bottom: 0px !important;}&#8221;]\u00bfTIENES ALGUNA PREGUNTA SOBRE NUESTROS TRATAMIENTOS? EL DR. JOAN-PERE BARRET RESPONDE:[\/vc_column_text][\/vc_column][\/vc_row][vc_row][vc_column][vc_column_text css=&#8221;.vc_custom_1747766010457{margin-bottom: 0px !important;}&#8221;]<div class='fluentform ff-default fluentform_wrapper_5 ffs_custom_wrap'><form data-form_id=\"5\" id=\"fluentform_5\" class=\"frm-fluent-form fluent_form_5 ff-el-form-top ff_form_instance_5_1 ff-form-loading ffs_custom\" data-form_instance=\"ff_form_instance_5_1\" method=\"POST\" ><fieldset  style=\"border: none!important;margin: 0!important;padding: 0!important;background-color: transparent!important;box-shadow: none!important;outline: none!important; min-inline-size: 100%;\">\n                    <legend class=\"ff_screen_reader_title\" style=\"display: block; margin: 0!important;padding: 0!important;height: 0!important;text-indent: -999999px;width: 0!important;overflow:hidden;\">Contacto CA<\/legend><input type='hidden' name='__fluent_form_embded_post_id' value='10365' \/><input type=\"hidden\" id=\"_fluentform_5_fluentformnonce\" name=\"_fluentform_5_fluentformnonce\" value=\"d81d58df88\" \/><input type=\"hidden\" name=\"_wp_http_referer\" value=\"\/ca\/wp-json\/wp\/v2\/pages\/10365\" \/><div data-name=\"ff_cn_id_1\"  class='ff-t-container ff-column-container ff_columns_total_2 '><div class='ff-t-cell ff-t-column-1' style='flex-basis: 50%;'><div data-type=\"name-element\" data-name=\"names\" class=\" ff-field_container ff-name-field-wrapper\" ><div class='ff-t-container'><div class='ff-t-cell '><div class='ff-el-group ff-el-form-top'><div class=\"ff-el-input--label ff-el-is-required asterisk-right\"><label for='ff_5_names_first_name_' id='label_ff_5_names_first_name_' >Nom<\/label><\/div><div class='ff-el-input--content'><input type=\"text\" name=\"names[first_name]\" id=\"ff_5_names_first_name_\" class=\"ff-el-form-control\" aria-invalid=\"false\" aria-required=true><\/div><\/div><\/div><\/div><\/div><div class='ff-el-group'><div class=\"ff-el-input--label ff-el-is-required asterisk-right\"><label for='ff_5_description' id='label_ff_5_description' aria-label=\"Missatge\">Missatge<\/label><\/div><div class='ff-el-input--content'><textarea aria-required=\"true\" aria-labelledby=\"label_ff_5_description\" name=\"description\" id=\"ff_5_description\" class=\"ff-el-form-control\" rows=\"3\" cols=\"2\" data-name=\"description\" ><\/textarea><\/div><\/div><\/div><div class='ff-t-cell ff-t-column-2' style='flex-basis: 50%;'><div class='ff-el-group'><div class=\"ff-el-input--label ff-el-is-required asterisk-right\"><label for='ff_5_email' id='label_ff_5_email' aria-label=\"Correu electr\u00f2nic\">Correu electr\u00f2nic<\/label><\/div><div class='ff-el-input--content'><input type=\"email\" name=\"email\" id=\"ff_5_email\" class=\"ff-el-form-control\" data-name=\"email\"  aria-invalid=\"false\" aria-required=true><\/div><\/div><div class='ff-el-group'><div class=\"ff-el-input--label ff-el-is-required asterisk-right\"><label for='ff_5_input_text' id='label_ff_5_input_text' aria-label=\"Tel\u00e8fon\">Tel\u00e8fon<\/label><\/div><div class='ff-el-input--content'><input type=\"text\" name=\"input_text\" class=\"ff-el-form-control\" data-name=\"input_text\" id=\"ff_5_input_text\"  aria-invalid=\"false\" aria-required=true><\/div><\/div><\/div><\/div><div data-name=\"ff_cn_id_2\"  class='ff-t-container ff-column-container ff_columns_total_2 '><div class='ff-t-cell ff-t-column-1' style='flex-basis: 50%;'><div class='ff-el-group  ff-custom_html' tabindex='-1' data-name=\"custom_html-5_1\" ><p><strong>Informaci\u00f3 b\u00e0sica de protecci\u00f3 de dades<\/strong><br \/><strong>Responsable<\/strong>: BJ Cirug\u00eda Reparadora SLP<br \/><strong>Finalitat<\/strong>:\u00a0Atendre la vostra sol\u00b7licitud i contactar-vos per oferir-vos la informaci\u00f3 sol\u00b7licitada.<br \/><strong>Drets<\/strong>:\u00a0A accedir, rectificar i suprimir les vostres dades, aix\u00ed com altres drets detallats a la informaci\u00f3 addicional .<br \/>+ info:\u00a0Pots trobar informaci\u00f3 m\u00e9s detallada a la nostra\u00a0<a title=\"Pol\u00edtica de Privadesa\" href=\"https:\/\/www.doctorbarret.com\/ca\/politica-privacitat\/\" target=\"_blank\" rel=\"noopener\">Pol\u00edtica de Privadesa<\/a>.<\/p><\/div><div class='ff-el-group    ff-el-input--content'><div class='ff-el-form-check ff-el-tc'><label aria-label='Terms and Conditions: He llegit i accepto la pol\u00edtica de privadesa. Contains 1 link. Use tab navigation to review.' class='ff-el-form-check-label ff_tc_label' for=gdpr-agreement_45d8df46d7f94971bb2571b892b3d9c1><span class='ff_tc_checkbox'><input type=\"checkbox\" name=\"gdpr-agreement\" class=\"ff-el-form-check-input ff_gdpr_field\" data-name=\"gdpr-agreement\" id=\"gdpr-agreement_45d8df46d7f94971bb2571b892b3d9c1\"  value='on' aria-invalid='false' aria-required=true><\/span> <div class='ff_t_c'>He llegit i accepto la <a href=\"https:\/\/www.doctorbarret.com\/ca\/politica-privacitat\/\" rel=\"noopener\" target=\"_blank\">pol\u00edtica de privadesa<\/a>.<\/div><\/label><\/div><\/div><div class='ff-el-group ff-text-left ff_submit_btn_wrapper ff_submit_btn_wrapper_custom'><button class=\"ff-btn ff-btn-submit ff-btn-md ff_btn_style wpf_has_custom_css\" type=\"submit\" name=\"custom_submit_button-5_2\" data-name=\"custom_submit_button-5_2\"  aria-label=\"Enviar\">Enviar<\/button><style>form.fluent_form_5 .wpf_has_custom_css.ff-btn-submit { background-color:rgba(0, 0, 0, 1);border-color:rgba(0, 0, 0, 1);color:#ffffff;min-width:100%; }form.fluent_form_5 .wpf_has_custom_css.ff-btn-submit:hover { background-color:#ffffff;border-color:#1a7efb;color:#1a7efb;min-width:100%; } <\/style><\/div><\/div><div class='ff-t-cell ff-t-column-2' style='flex-basis: 50%;'><\/div><\/div><\/fieldset><\/form><div id='fluentform_5_errors' class='ff-errors-in-stack ff_form_instance_5_1 ff-form-loading_errors ff_form_instance_5_1_errors'><\/div><\/div>            <script type=\"text\/javascript\">\n                window.fluent_form_ff_form_instance_5_1 = {\"id\":\"5\",\"ajaxUrl\":\"http:\\\/\\\/www.doctorbarret.com\\\/wp-admin\\\/admin-ajax.php\",\"settings\":{\"layout\":{\"labelPlacement\":\"top\",\"asteriskPlacement\":\"asterisk-right\",\"helpMessagePlacement\":\"with_label\",\"errorMessagePlacement\":\"inline\",\"cssClassName\":\"\"},\"restrictions\":{\"denyEmptySubmission\":{\"enabled\":false}}},\"form_instance\":\"ff_form_instance_5_1\",\"form_id_selector\":\"fluentform_5\",\"rules\":{\"names[first_name]\":{\"required\":{\"value\":true,\"message\":\"This field is required\",\"global_message\":\"This field is required\",\"global\":true}},\"names[middle_name]\":{\"required\":{\"value\":false,\"message\":\"This field is required\",\"global_message\":\"This field is required\",\"global\":true}},\"names[last_name]\":{\"required\":{\"value\":false,\"message\":\"This field is required\",\"global_message\":\"This field is required\",\"global\":true}},\"description\":{\"required\":{\"value\":true,\"message\":\"This field is required\",\"global_message\":\"This field is required\",\"global\":true}},\"email\":{\"required\":{\"value\":true,\"message\":\"This field is required\",\"global_message\":\"This field is required\",\"global\":true},\"email\":{\"value\":true,\"message\":\"This field must contain a valid email\",\"global_message\":\"This field must contain a valid email\",\"global\":true}},\"input_text\":{\"required\":{\"value\":true,\"message\":\"This field is required\",\"global_message\":\"This field is required\",\"global\":true}},\"gdpr-agreement\":{\"required\":{\"value\":true,\"message\":\"This field is required\",\"global_message\":\"This field is required\",\"global\":true}}},\"debounce_time\":300};\n                            <\/script>\n            [\/vc_column_text][\/vc_column][\/vc_row]\n<\/div>","protected":false},"excerpt":{"rendered":"<p>[vc_row css=&#8221;.vc_custom_1683274792768{margin-top: 150px !important;}&#8221; el_class=&#8221;tar_head&#8221;][vc_column][vc_custom_heading text=&#8221;Tarifes medicina est\u00e8tica&#8221; font_container=&#8221;tag:h1|font_size:35px|text_align:left|color:%23fdc62d|line_height:42px&#8221; google_fonts=&#8221;font_family:Montserrat%3Aregular%2C700|font_style:700%20bold%20regular%3A700%3Anormal&#8221; el_class=&#8221;tit_tarifas&#8221;][vc_custom_heading text=&#8221;Facial&#8221; font_container=&#8221;tag:h3|font_size:24px|text_align:left|color:%23404040|line_height:34px&#8221; google_fonts=&#8221;font_family:Montserrat%3Aregular%2C700|font_style:400%20regular%3A400%3Anormal&#8221; el_class=&#8221;tit_tarifas2&#8243;][mk_table title=&#8221;Injectables&#8221;] Tractament Descripci\u00f3 Preu Toxina botul\u00ednica Front i entrecella (1 vial) 400\u20ac Toxina botul\u00ednica Front, entrecella i potes de gall (1 vial) 450\u20ac Toxina botul\u00ednica Bruxisme (1 vial) 450\u20ac Toxina botul\u00ednica Somriure gingival (1 vial) 450\u20ac \u00c0cid Hialur\u00f2nic Solcs nasogenians [&hellip;]<\/p>\n","protected":false},"author":2,"featured_media":0,"parent":0,"menu_order":0,"comment_status":"closed","ping_status":"closed","template":"","meta":{"_joinchat":[],"footnotes":""},"class_list":["post-10365","page","type-page","status-publish","hentry"],"yoast_head":"<!-- This site is optimized with the Yoast SEO plugin v27.5 - https:\/\/yoast.com\/product\/yoast-seo-wordpress\/ -->\n<title>Tarifes de Medicina Est\u00e8tica facial i corporal - WordPress<\/title>\n<meta name=\"description\" content=\"Descobreix les nostres dues tarifes de medicina est\u00e8tica per a tractaments facials i corporals. Entra y troba la m\u00e9s adequada per a tu!\" \/>\n<meta name=\"robots\" content=\"index, follow, max-snippet:-1, max-image-preview:large, max-video-preview:-1\" \/>\n<link rel=\"canonical\" href=\"http:\/\/www.doctorbarret.com\/ca\/tarifes-medicina-estetica-barcelona\/\" \/>\n<meta property=\"og:locale\" content=\"ca_ES\" \/>\n<meta property=\"og:type\" content=\"article\" \/>\n<meta property=\"og:title\" content=\"Tarifes de Medicina Est\u00e8tica facial i corporal - WordPress\" \/>\n<meta property=\"og:description\" content=\"Descobreix les nostres dues tarifes de medicina est\u00e8tica per a tractaments facials i corporals. Entra y troba la m\u00e9s adequada per a tu!\" \/>\n<meta property=\"og:url\" content=\"http:\/\/www.doctorbarret.com\/ca\/tarifes-medicina-estetica-barcelona\/\" \/>\n<meta property=\"og:site_name\" content=\"WordPress\" \/>\n<meta property=\"article:modified_time\" content=\"2025-05-20T18:33:34+00:00\" \/>\n<meta name=\"twitter:card\" content=\"summary_large_image\" \/>\n<meta name=\"twitter:label1\" content=\"Est. reading time\" \/>\n\t<meta name=\"twitter:data1\" content=\"3 minutes\" \/>\n<script type=\"application\/ld+json\" class=\"yoast-schema-graph\">{\"@context\":\"https:\\\/\\\/schema.org\",\"@graph\":[{\"@type\":\"WebPage\",\"@id\":\"http:\\\/\\\/www.doctorbarret.com\\\/ca\\\/tarifes-medicina-estetica-barcelona\\\/\",\"url\":\"http:\\\/\\\/www.doctorbarret.com\\\/ca\\\/tarifes-medicina-estetica-barcelona\\\/\",\"name\":\"Tarifes de Medicina Est\u00e8tica facial i corporal - WordPress\",\"isPartOf\":{\"@id\":\"https:\\\/\\\/www.doctorbarret.com\\\/ca\\\/#website\"},\"datePublished\":\"2023-05-05T06:33:36+00:00\",\"dateModified\":\"2025-05-20T18:33:34+00:00\",\"description\":\"Descobreix les nostres dues tarifes de medicina est\u00e8tica per a tractaments facials i corporals. Entra y troba la m\u00e9s adequada per a tu!\",\"breadcrumb\":{\"@id\":\"http:\\\/\\\/www.doctorbarret.com\\\/ca\\\/tarifes-medicina-estetica-barcelona\\\/#breadcrumb\"},\"inLanguage\":\"ca-ES\",\"potentialAction\":[{\"@type\":\"ReadAction\",\"target\":[\"http:\\\/\\\/www.doctorbarret.com\\\/ca\\\/tarifes-medicina-estetica-barcelona\\\/\"]}]},{\"@type\":\"BreadcrumbList\",\"@id\":\"http:\\\/\\\/www.doctorbarret.com\\\/ca\\\/tarifes-medicina-estetica-barcelona\\\/#breadcrumb\",\"itemListElement\":[{\"@type\":\"ListItem\",\"position\":1,\"name\":\"Home\",\"item\":\"http:\\\/\\\/www.doctorbarret.com\\\/ca\\\/\"},{\"@type\":\"ListItem\",\"position\":2,\"name\":\"Tarifes\"}]},{\"@type\":\"WebSite\",\"@id\":\"https:\\\/\\\/www.doctorbarret.com\\\/ca\\\/#website\",\"url\":\"https:\\\/\\\/www.doctorbarret.com\\\/ca\\\/\",\"name\":\"WordPress\",\"description\":\"Just another WordPress site\",\"publisher\":{\"@id\":\"https:\\\/\\\/www.doctorbarret.com\\\/ca\\\/#organization\"},\"potentialAction\":[{\"@type\":\"SearchAction\",\"target\":{\"@type\":\"EntryPoint\",\"urlTemplate\":\"https:\\\/\\\/www.doctorbarret.com\\\/ca\\\/?s={search_term_string}\"},\"query-input\":{\"@type\":\"PropertyValueSpecification\",\"valueRequired\":true,\"valueName\":\"search_term_string\"}}],\"inLanguage\":\"ca-ES\"},{\"@type\":\"Organization\",\"@id\":\"https:\\\/\\\/www.doctorbarret.com\\\/ca\\\/#organization\",\"name\":\"Dr.Joan-Pere Barret\",\"url\":\"https:\\\/\\\/www.doctorbarret.com\\\/ca\\\/\",\"logo\":{\"@type\":\"ImageObject\",\"inLanguage\":\"ca-ES\",\"@id\":\"https:\\\/\\\/www.doctorbarret.com\\\/ca\\\/#\\\/schema\\\/logo\\\/image\\\/\",\"url\":\"https:\\\/\\\/www.doctorbarret.com\\\/wp-content\\\/uploads\\\/2017\\\/04\\\/Logo-Doctor-Barret-web-completo-castellano_AAFF.png\",\"contentUrl\":\"https:\\\/\\\/www.doctorbarret.com\\\/wp-content\\\/uploads\\\/2017\\\/04\\\/Logo-Doctor-Barret-web-completo-castellano_AAFF.png\",\"width\":2480,\"height\":3508,\"caption\":\"Dr.Joan-Pere Barret\"},\"image\":{\"@id\":\"https:\\\/\\\/www.doctorbarret.com\\\/ca\\\/#\\\/schema\\\/logo\\\/image\\\/\"}}]}<\/script>\n<!-- \/ Yoast SEO plugin. -->","yoast_head_json":{"title":"Tarifes de Medicina Est\u00e8tica facial i corporal - WordPress","description":"Descobreix les nostres dues tarifes de medicina est\u00e8tica per a tractaments facials i corporals. Entra y troba la m\u00e9s adequada per a tu!","robots":{"index":"index","follow":"follow","max-snippet":"max-snippet:-1","max-image-preview":"max-image-preview:large","max-video-preview":"max-video-preview:-1"},"canonical":"http:\/\/www.doctorbarret.com\/ca\/tarifes-medicina-estetica-barcelona\/","og_locale":"ca_ES","og_type":"article","og_title":"Tarifes de Medicina Est\u00e8tica facial i corporal - WordPress","og_description":"Descobreix les nostres dues tarifes de medicina est\u00e8tica per a tractaments facials i corporals. Entra y troba la m\u00e9s adequada per a tu!","og_url":"http:\/\/www.doctorbarret.com\/ca\/tarifes-medicina-estetica-barcelona\/","og_site_name":"WordPress","article_modified_time":"2025-05-20T18:33:34+00:00","twitter_card":"summary_large_image","twitter_misc":{"Est. reading time":"3 minutes"},"schema":{"@context":"https:\/\/schema.org","@graph":[{"@type":"WebPage","@id":"http:\/\/www.doctorbarret.com\/ca\/tarifes-medicina-estetica-barcelona\/","url":"http:\/\/www.doctorbarret.com\/ca\/tarifes-medicina-estetica-barcelona\/","name":"Tarifes de Medicina Est\u00e8tica facial i corporal - WordPress","isPartOf":{"@id":"https:\/\/www.doctorbarret.com\/ca\/#website"},"datePublished":"2023-05-05T06:33:36+00:00","dateModified":"2025-05-20T18:33:34+00:00","description":"Descobreix les nostres dues tarifes de medicina est\u00e8tica per a tractaments facials i corporals. Entra y troba la m\u00e9s adequada per a tu!","breadcrumb":{"@id":"http:\/\/www.doctorbarret.com\/ca\/tarifes-medicina-estetica-barcelona\/#breadcrumb"},"inLanguage":"ca-ES","potentialAction":[{"@type":"ReadAction","target":["http:\/\/www.doctorbarret.com\/ca\/tarifes-medicina-estetica-barcelona\/"]}]},{"@type":"BreadcrumbList","@id":"http:\/\/www.doctorbarret.com\/ca\/tarifes-medicina-estetica-barcelona\/#breadcrumb","itemListElement":[{"@type":"ListItem","position":1,"name":"Home","item":"http:\/\/www.doctorbarret.com\/ca\/"},{"@type":"ListItem","position":2,"name":"Tarifes"}]},{"@type":"WebSite","@id":"https:\/\/www.doctorbarret.com\/ca\/#website","url":"https:\/\/www.doctorbarret.com\/ca\/","name":"WordPress","description":"Just another WordPress site","publisher":{"@id":"https:\/\/www.doctorbarret.com\/ca\/#organization"},"potentialAction":[{"@type":"SearchAction","target":{"@type":"EntryPoint","urlTemplate":"https:\/\/www.doctorbarret.com\/ca\/?s={search_term_string}"},"query-input":{"@type":"PropertyValueSpecification","valueRequired":true,"valueName":"search_term_string"}}],"inLanguage":"ca-ES"},{"@type":"Organization","@id":"https:\/\/www.doctorbarret.com\/ca\/#organization","name":"Dr.Joan-Pere Barret","url":"https:\/\/www.doctorbarret.com\/ca\/","logo":{"@type":"ImageObject","inLanguage":"ca-ES","@id":"https:\/\/www.doctorbarret.com\/ca\/#\/schema\/logo\/image\/","url":"https:\/\/www.doctorbarret.com\/wp-content\/uploads\/2017\/04\/Logo-Doctor-Barret-web-completo-castellano_AAFF.png","contentUrl":"https:\/\/www.doctorbarret.com\/wp-content\/uploads\/2017\/04\/Logo-Doctor-Barret-web-completo-castellano_AAFF.png","width":2480,"height":3508,"caption":"Dr.Joan-Pere Barret"},"image":{"@id":"https:\/\/www.doctorbarret.com\/ca\/#\/schema\/logo\/image\/"}}]}},"_links":{"self":[{"href":"http:\/\/www.doctorbarret.com\/ca\/wp-json\/wp\/v2\/pages\/10365","targetHints":{"allow":["GET"]}}],"collection":[{"href":"http:\/\/www.doctorbarret.com\/ca\/wp-json\/wp\/v2\/pages"}],"about":[{"href":"http:\/\/www.doctorbarret.com\/ca\/wp-json\/wp\/v2\/types\/page"}],"author":[{"embeddable":true,"href":"http:\/\/www.doctorbarret.com\/ca\/wp-json\/wp\/v2\/users\/2"}],"replies":[{"embeddable":true,"href":"http:\/\/www.doctorbarret.com\/ca\/wp-json\/wp\/v2\/comments?post=10365"}],"version-history":[{"count":3,"href":"http:\/\/www.doctorbarret.com\/ca\/wp-json\/wp\/v2\/pages\/10365\/revisions"}],"predecessor-version":[{"id":12162,"href":"http:\/\/www.doctorbarret.com\/ca\/wp-json\/wp\/v2\/pages\/10365\/revisions\/12162"}],"wp:attachment":[{"href":"http:\/\/www.doctorbarret.com\/ca\/wp-json\/wp\/v2\/media?parent=10365"}],"curies":[{"name":"wp","href":"https:\/\/api.w.org\/{rel}","templated":true}]}}