{"id":4563,"date":"2019-07-08T12:41:10","date_gmt":"2019-07-08T10:41:10","guid":{"rendered":"https:\/\/www.doctorbarret.com\/?page_id=4563"},"modified":"2021-11-03T10:09:24","modified_gmt":"2021-11-03T08:09:24","slug":"dr-barret","status":"publish","type":"page","link":"http:\/\/www.doctorbarret.com\/ca\/dr-barret\/","title":{"rendered":"Dr. Barret"},"content":{"rendered":"<div class=\"wpb-content-wrapper\">[vc_row fullwidth=&#8221;true&#8221; el_class=&#8221;row_db1&#8243;][vc_column][vc_single_image image=&#8221;400&#8243; img_size=&#8221;full&#8221; alignment=&#8221;center&#8221;][\/vc_column][\/vc_row][vc_row fullwidth=&#8221;true&#8221; fullwidth_content=&#8221;false&#8221; equal_columns=&#8221;true&#8221; css=&#8221;.vc_custom_1635926935203{padding-top: 25px !important;padding-bottom: 10px !important;background-color: #ffffff !important;}&#8221; el_class=&#8221;row_db2&#8243;][vc_column css=&#8221;.vc_custom_1497287087640{margin-bottom: 0px !important;border-bottom-width: 0px !important;padding-bottom: 0px !important;}&#8221;][vc_column_text css=&#8221;.vc_custom_1562582231517{margin-bottom: 0px !important;}&#8221;]\n<h1>Dr. Joan-Pere Barret<\/h1>\n<h3>Especialista en Cirurgia pl\u00e0stica, est\u00e8tica i reparadora<\/h3>\n[\/vc_column_text][\/vc_column][\/vc_row][vc_row fullwidth=&#8221;true&#8221; fullwidth_content=&#8221;false&#8221; equal_columns=&#8221;true&#8221; css=&#8221;.vc_custom_1635926941891{padding-top: 50px !important;padding-bottom: 50px !important;background-color: #ffffff !important;}&#8221; el_class=&#8221;row_db3&#8243;][vc_column width=&#8221;1\/2&#8243; css=&#8221;.vc_custom_1506415292306{margin-bottom: 0px !important;border-bottom-width: 0px !important;padding-right: 20px !important;padding-bottom: 0px !important;padding-left: 0px !important;}&#8221;][vc_column_text disable_pattern=&#8221;false&#8221; css=&#8221;.vc_custom_1562582266929{margin-bottom: 0px !important;}&#8221;]Quan era petit volia ser ebenista, com el meu pare. Passava hores amb ell, en el seu taller, intentant amb les meves inexpertes mans donar-li forma a algun tros de fusta que el meu pare m&#8217;acostava.<\/p>\n<p>Va ser aix\u00ed com vaig fer un vaixell, un cotxe i fins una avi\u00f3 de camuflatge per als meus &#8220;*clicks&#8221; de *Famobil. M&#8217;agradava molt modelar figures, desitjava transformar en una cosa bella i \u00fatil qualsevol material que queia a les meves mans. Vaig ser un nen molt feli\u00e7.<\/p>\n<p>Per\u00f2 va haver-hi alguna cosa que em va marcar definitivament i que va fer que inici\u00e9s el cam\u00ed cap al que ara s\u00f3c. Una cosa tan simple com un programa de televisi\u00f3: els documentals de ci\u00e8ncia i medicina que emetien per l&#8217;UHF. Aqu\u00ed conflu\u00efen les meves dues passions: la ci\u00e8ncia i l&#8217;art amb les mans. Va ser llavors quan ho vaig saber. Seria metge i cirurgi\u00e0. Tenia jo 9 anys.<\/p>\n<p>Durant els meus anys d&#8217;estudi vaig obtenir uns expedients acad\u00e8mics brillants que em van permetre estudiar la carrera de medicina becat per la Universitat de Barcelona. Aix\u00f2 va significar un gran alleujament per als meus pares, que en aquells moments vivien una situaci\u00f3 econ\u00f2mica dif\u00edcil. Per aix\u00f2, record amb emoci\u00f3 el dia de la meva graduaci\u00f3, un moment molt especial per a tota la meva fam\u00edlia.<\/p>\n<p>En els \u00faltims anys de carrera, quan ja vaig fer pr\u00e0ctiques en hospitals, vaig veure les immenses possibilitats que oferia l&#8217;especialitat de Cirurgia Pl\u00e0stica, Est\u00e8tica i Reparadora. Una especialitat en la qual podia intervenir qualsevol part del cos, del cap als peus, on podia recuperar teixits que el pacient havia perdut millorant la seva qualitat de vida, on podia modelar i embellir&#8230;&#8230;com quan era nen.<\/p>\n<p>Vaig canviar el taller pel quir\u00f2fan i la fusta inerta per un cos amb \u00e0nima. Sentia una enorme responsabilitat, per\u00f2 tamb\u00e9 creia completament en la meva capacitat d&#8217;assumir-la.[\/vc_column_text][\/vc_column][vc_column width=&#8221;1\/2&#8243; css=&#8221;.vc_custom_1506415308907{padding-right: 0px !important;padding-left: 20px !important;}&#8221;][vc_column_text css=&#8221;.vc_custom_1562582298868{margin-bottom: 0px !important;}&#8221;]Despr\u00e9s de superar l&#8217;examen M.I.R., vaig poder iniciar l&#8217;especialitat a l&#8217;hospital i unitat que sempre havia desitjat. Em vaig formar com a especialista a l&#8217;Hospital Vall d&#8217;Hebron, on vaig poder treballar en la Unitat de Cremats, descobrint un m\u00f3n apassionant, ple de reptes m\u00e8dics i cient\u00edfics i d&#8217;hist\u00f2ries personals de superaci\u00f3 fascinants.<\/p>\n<p>Despr\u00e9s d&#8217;acabar l&#8217;especialitat, i ja al costat de la meva esposa, la meva inquietud cient\u00edfica i de coneixement em van portar a treballar fora de les nostres fronteres (USA, Pa\u00efsos Baixos, Regne Unit). Vaig ampliar coneixements, t\u00e8cniques quir\u00fargiques, vaig dirigir projectes de recerca, en pa\u00efsos on la ci\u00e8ncia i la innovaci\u00f3 s\u00f3n prioritaris, on no escassegen els recursos. Van ser anys plens d&#8217;il\u00b7lusi\u00f3, apassionants i molt fruct\u00edfers, encara que no per aix\u00f2 f\u00e0cils.<\/p>\n<p>L&#8217;any 2005, decidim que era el moment de tornar al nostre pa\u00eds. Dels meus anys a l&#8217;estranger, vaig portar en la meva maleta una ampl\u00edssima experi\u00e8ncia professional, una llarga llista d&#8217;amics i bones experi\u00e8ncies personals i, el m\u00e9s important de tot, la meva filla J\u00falia nascuda a Holanda.<\/p>\n<p>La meva activitat professional a Espanya \u00e9s bastanta coneguda. He intentat acostar a la sanitat espanyola tota l&#8217;experi\u00e8ncia adquirida en els meus anys a l&#8217;estranger.<\/p>\n<p>He aplicat t\u00e8cniques innovadores (cirurgia amb c\u00e8l\u00b7lules mare, t\u00e8cniques endosc\u00f2piques, trasplantament de cara,..) que m&#8217;han portat a estar en les primeres p\u00e0gines de l&#8217;actualitat dels mitjans de comunicaci\u00f3. Segueixo cada dia treballant per a aconseguir l&#8217;excel\u00b7l\u00e8ncia en la cirurgia i la humilitat i comprensi\u00f3 en el tracte amb els meus pacients.<\/p>\n<p>Els metges i cirurgians hem de recordar, sempre, que som persones que ajuden altres persones.<\/p>\n<p><strong>Mai hem de perdre la nostra humanitat.<\/strong>[\/vc_column_text][\/vc_column][\/vc_row][vc_row fullwidth=&#8221;true&#8221; fullwidth_content=&#8221;false&#8221; css=&#8221;.vc_custom_1635926948832{margin-bottom: 35px !important;border-top-width: 1px !important;border-bottom-width: 1px !important;padding-top: 75px !important;padding-bottom: 75px !important;border-top-color: #444444 !important;border-top-style: solid !important;border-bottom-color: #444444 !important;border-bottom-style: solid !important;}&#8221; el_class=&#8221;row_db4&#8243;][vc_column][vc_column_text disable_pattern=&#8221;false&#8221; el_class=&#8221;font-ublack home-cita&#8221; css=&#8221;.vc_custom_1562582331064{margin-bottom: 0px !important;}&#8221;]\n<h2 style=\"text-align: center;\">&#8220;L&#8217;esfor\u00e7, la perseveran\u00e7a i el creure en un mateix fan que all\u00f2 que sembla impossible, pugui arribar a succeir&#8221;<\/h2>\n[\/vc_column_text][\/vc_column][\/vc_row][vc_row fullwidth=&#8221;true&#8221; fullwidth_content=&#8221;false&#8221; equal_columns=&#8221;true&#8221; attached=&#8221;true&#8221; css=&#8221;.vc_custom_1635926955110{padding-bottom: 50px !important;}&#8221; el_class=&#8221;row_db5&#8243;][vc_column width=&#8221;1\/2&#8243; el_class=&#8221;circle-izq&#8221;][mk_custom_box corner_radius=&#8221;25&#8243; el_class=&#8221;circle-inv circle2&#8243; bg_color=&#8221;#fdc62d&#8221; drop_shadow=&#8221;true&#8221; drop_shadow_color=&#8221;rgba(0,0,0,0.5)&#8221; bg_stretch=&#8221;true&#8221;][vc_empty_space height=&#8221;50px&#8221;][vc_column_text disable_pattern=&#8221;false&#8221; el_class=&#8221;tit-circle1&#8243; css=&#8221;.vc_custom_1562836214599{margin-bottom: 0px !important;}&#8221;]\n<h2><a href=\"https:\/\/www.doctorbarret.com\/ca\/dr-barret\/activitat-professional-i-academica\/\">Activitat<br \/>\nprofessional<br \/>\ni acad\u00e8mica<\/a><\/h2>\n<h2 class=\"more\"><a href=\"https:\/\/www.doctorbarret.com\/ca\/dr-barret\/activitat-professional-i-academica\/\">+<\/a><\/h2>\n[\/vc_column_text][vc_empty_space height=&#8221;110px&#8221;][\/mk_custom_box][mk_custom_box corner_radius=&#8221;25&#8243; el_class=&#8221;circle-inv circle4&#8243; bg_color=&#8221;#001698&#8243; drop_shadow=&#8221;true&#8221; drop_shadow_color=&#8221;rgba(0,0,0,0.5)&#8221; bg_stretch=&#8221;true&#8221;][vc_empty_space height=&#8221;25px&#8221;][vc_column_text disable_pattern=&#8221;false&#8221; el_class=&#8221;tit-circle2&#8243; css=&#8221;.vc_custom_1562836238628{margin-bottom: 0px !important;}&#8221;]\n<h2><a href=\"https:\/\/www.doctorbarret.com\/ca\/dr-barret\/premis-i-afiliacions\/\">Premis i<br \/>\nafiliacions<\/a><\/h2>\n<h2 class=\"more\"><a href=\"https:\/\/www.doctorbarret.com\/ca\/dr-barret\/premis-i-afiliacions\/\">+<\/a><\/h2>\n[\/vc_column_text][vc_empty_space height=&#8221;50px&#8221;][\/mk_custom_box][\/vc_column][vc_column width=&#8221;1\/2&#8243; el_class=&#8221;circle-dcha&#8221;][mk_custom_box corner_radius=&#8221;25&#8243; el_class=&#8221;circle-inv circle1&#8243; bg_color=&#8221;#009446&#8243; drop_shadow=&#8221;true&#8221; drop_shadow_color=&#8221;rgba(0,0,0,0.5)&#8221; bg_stretch=&#8221;true&#8221;][vc_empty_space height=&#8221;70px&#8221;][vc_column_text disable_pattern=&#8221;false&#8221; el_class=&#8221;tit-circle3&#8243; css=&#8221;.vc_custom_1562836258958{margin-bottom: 0px !important;}&#8221;]\n<h2><a href=\"https:\/\/www.doctorbarret.com\/ca\/dr-barret\/llibres-i-publicacions\/\">Llibres i<br \/>\npublicacions<\/a><\/h2>\n<h2 class=\"more\"><a href=\"https:\/\/www.doctorbarret.com\/ca\/dr-barret\/llibres-i-publicacions\/\">+<\/a><\/h2>\n[\/vc_column_text][vc_empty_space height=&#8221;70px&#8221;][\/mk_custom_box][mk_custom_box corner_radius=&#8221;25&#8243; el_class=&#8221;circle-inv circle3&#8243; bg_color=&#8221;#dd3333&#8243; drop_shadow=&#8221;true&#8221; drop_shadow_color=&#8221;rgba(0,0,0,0.5)&#8221; bg_stretch=&#8221;true&#8221;][vc_empty_space height=&#8221;120px&#8221;][vc_column_text disable_pattern=&#8221;false&#8221; el_class=&#8221;tit-circle4&#8243; css=&#8221;.vc_custom_1562836277310{margin-bottom: 0px !important;}&#8221;]\n<h2><a href=\"https:\/\/www.doctorbarret.com\/ca\/dr-barret\/investigacio\/\">Investigaci\u00f3<\/a><\/h2>\n<h2 class=\"more\"><a href=\"https:\/\/www.doctorbarret.com\/ca\/dr-barret\/investigacio\/\">+<\/a><\/h2>\n[\/vc_column_text][vc_empty_space height=&#8221;100px&#8221;][\/mk_custom_box][\/vc_column][\/vc_row]\n<\/div>","protected":false},"excerpt":{"rendered":"<p>[vc_row fullwidth=&#8221;true&#8221; el_class=&#8221;row_db1&#8243;][vc_column][vc_single_image image=&#8221;400&#8243; img_size=&#8221;full&#8221; alignment=&#8221;center&#8221;][\/vc_column][\/vc_row][vc_row fullwidth=&#8221;true&#8221; fullwidth_content=&#8221;false&#8221; equal_columns=&#8221;true&#8221; css=&#8221;.vc_custom_1635926935203{padding-top: 25px !important;padding-bottom: 10px !important;background-color: #ffffff !important;}&#8221; el_class=&#8221;row_db2&#8243;][vc_column css=&#8221;.vc_custom_1497287087640{margin-bottom: 0px !important;border-bottom-width: 0px !important;padding-bottom: 0px !important;}&#8221;][vc_column_text css=&#8221;.vc_custom_1562582231517{margin-bottom: 0px !important;}&#8221;] Dr. Joan-Pere Barret Especialista en Cirurgia pl\u00e0stica, est\u00e8tica i reparadora [\/vc_column_text][\/vc_column][\/vc_row][vc_row fullwidth=&#8221;true&#8221; fullwidth_content=&#8221;false&#8221; equal_columns=&#8221;true&#8221; css=&#8221;.vc_custom_1635926941891{padding-top: 50px !important;padding-bottom: 50px !important;background-color: #ffffff !important;}&#8221; el_class=&#8221;row_db3&#8243;][vc_column width=&#8221;1\/2&#8243; css=&#8221;.vc_custom_1506415292306{margin-bottom: 0px !important;border-bottom-width: 0px !important;padding-right: [&hellip;]<\/p>\n","protected":false},"author":1,"featured_media":0,"parent":0,"menu_order":2,"comment_status":"closed","ping_status":"closed","template":"","meta":{"_joinchat":[],"footnotes":""},"class_list":["post-4563","page","type-page","status-publish","hentry"],"yoast_head":"<!-- This site is optimized with the Yoast SEO plugin v27.5 - https:\/\/yoast.com\/product\/yoast-seo-wordpress\/ -->\n<title>Doctor Joan-Pere Barret<\/title>\n<meta name=\"description\" content=\"Els canvis de temperatura, el fred, el vent i la calefacci\u00f3 influeixen enormement en l\u2019estat de la nostra pell i cal seguir uns consells de cura b\u00e0sics.\" \/>\n<meta name=\"robots\" content=\"index, follow, max-snippet:-1, max-image-preview:large, max-video-preview:-1\" \/>\n<link rel=\"canonical\" href=\"http:\/\/www.doctorbarret.com\/ca\/dr-barret\/\" \/>\n<meta property=\"og:locale\" content=\"ca_ES\" \/>\n<meta property=\"og:type\" content=\"article\" \/>\n<meta property=\"og:title\" content=\"Doctor Joan-Pere Barret\" \/>\n<meta property=\"og:description\" content=\"Els canvis de temperatura, el fred, el vent i la calefacci\u00f3 influeixen enormement en l\u2019estat de la nostra pell i cal seguir uns consells de cura b\u00e0sics.\" \/>\n<meta property=\"og:url\" content=\"http:\/\/www.doctorbarret.com\/ca\/dr-barret\/\" \/>\n<meta property=\"og:site_name\" content=\"WordPress\" \/>\n<meta property=\"article:modified_time\" content=\"2021-11-03T08:09:24+00:00\" \/>\n<meta name=\"twitter:card\" content=\"summary_large_image\" \/>\n<meta name=\"twitter:label1\" content=\"Est. reading time\" \/>\n\t<meta name=\"twitter:data1\" content=\"6 minutes\" \/>\n<script type=\"application\/ld+json\" class=\"yoast-schema-graph\">{\"@context\":\"https:\\\/\\\/schema.org\",\"@graph\":[{\"@type\":\"WebPage\",\"@id\":\"http:\\\/\\\/www.doctorbarret.com\\\/ca\\\/dr-barret\\\/\",\"url\":\"http:\\\/\\\/www.doctorbarret.com\\\/ca\\\/dr-barret\\\/\",\"name\":\"Doctor Joan-Pere Barret\",\"isPartOf\":{\"@id\":\"https:\\\/\\\/www.doctorbarret.com\\\/ca\\\/#website\"},\"datePublished\":\"2019-07-08T10:41:10+00:00\",\"dateModified\":\"2021-11-03T08:09:24+00:00\",\"description\":\"Els canvis de temperatura, el fred, el vent i la calefacci\u00f3 influeixen enormement en l\u2019estat de la nostra pell i cal seguir uns consells de cura b\u00e0sics.\",\"breadcrumb\":{\"@id\":\"http:\\\/\\\/www.doctorbarret.com\\\/ca\\\/dr-barret\\\/#breadcrumb\"},\"inLanguage\":\"ca-ES\",\"potentialAction\":[{\"@type\":\"ReadAction\",\"target\":[\"http:\\\/\\\/www.doctorbarret.com\\\/ca\\\/dr-barret\\\/\"]}]},{\"@type\":\"BreadcrumbList\",\"@id\":\"http:\\\/\\\/www.doctorbarret.com\\\/ca\\\/dr-barret\\\/#breadcrumb\",\"itemListElement\":[{\"@type\":\"ListItem\",\"position\":1,\"name\":\"Home\",\"item\":\"http:\\\/\\\/www.doctorbarret.com\\\/ca\\\/\"},{\"@type\":\"ListItem\",\"position\":2,\"name\":\"Dr. Barret\"}]},{\"@type\":\"WebSite\",\"@id\":\"https:\\\/\\\/www.doctorbarret.com\\\/ca\\\/#website\",\"url\":\"https:\\\/\\\/www.doctorbarret.com\\\/ca\\\/\",\"name\":\"WordPress\",\"description\":\"Just another WordPress site\",\"publisher\":{\"@id\":\"https:\\\/\\\/www.doctorbarret.com\\\/ca\\\/#organization\"},\"potentialAction\":[{\"@type\":\"SearchAction\",\"target\":{\"@type\":\"EntryPoint\",\"urlTemplate\":\"https:\\\/\\\/www.doctorbarret.com\\\/ca\\\/?s={search_term_string}\"},\"query-input\":{\"@type\":\"PropertyValueSpecification\",\"valueRequired\":true,\"valueName\":\"search_term_string\"}}],\"inLanguage\":\"ca-ES\"},{\"@type\":\"Organization\",\"@id\":\"https:\\\/\\\/www.doctorbarret.com\\\/ca\\\/#organization\",\"name\":\"Dr.Joan-Pere Barret\",\"url\":\"https:\\\/\\\/www.doctorbarret.com\\\/ca\\\/\",\"logo\":{\"@type\":\"ImageObject\",\"inLanguage\":\"ca-ES\",\"@id\":\"https:\\\/\\\/www.doctorbarret.com\\\/ca\\\/#\\\/schema\\\/logo\\\/image\\\/\",\"url\":\"https:\\\/\\\/www.doctorbarret.com\\\/wp-content\\\/uploads\\\/2017\\\/04\\\/Logo-Doctor-Barret-web-completo-castellano_AAFF.png\",\"contentUrl\":\"https:\\\/\\\/www.doctorbarret.com\\\/wp-content\\\/uploads\\\/2017\\\/04\\\/Logo-Doctor-Barret-web-completo-castellano_AAFF.png\",\"width\":2480,\"height\":3508,\"caption\":\"Dr.Joan-Pere Barret\"},\"image\":{\"@id\":\"https:\\\/\\\/www.doctorbarret.com\\\/ca\\\/#\\\/schema\\\/logo\\\/image\\\/\"}}]}<\/script>\n<!-- \/ Yoast SEO plugin. -->","yoast_head_json":{"title":"Doctor Joan-Pere Barret","description":"Els canvis de temperatura, el fred, el vent i la calefacci\u00f3 influeixen enormement en l\u2019estat de la nostra pell i cal seguir uns consells de cura b\u00e0sics.","robots":{"index":"index","follow":"follow","max-snippet":"max-snippet:-1","max-image-preview":"max-image-preview:large","max-video-preview":"max-video-preview:-1"},"canonical":"http:\/\/www.doctorbarret.com\/ca\/dr-barret\/","og_locale":"ca_ES","og_type":"article","og_title":"Doctor Joan-Pere Barret","og_description":"Els canvis de temperatura, el fred, el vent i la calefacci\u00f3 influeixen enormement en l\u2019estat de la nostra pell i cal seguir uns consells de cura b\u00e0sics.","og_url":"http:\/\/www.doctorbarret.com\/ca\/dr-barret\/","og_site_name":"WordPress","article_modified_time":"2021-11-03T08:09:24+00:00","twitter_card":"summary_large_image","twitter_misc":{"Est. reading time":"6 minutes"},"schema":{"@context":"https:\/\/schema.org","@graph":[{"@type":"WebPage","@id":"http:\/\/www.doctorbarret.com\/ca\/dr-barret\/","url":"http:\/\/www.doctorbarret.com\/ca\/dr-barret\/","name":"Doctor Joan-Pere Barret","isPartOf":{"@id":"https:\/\/www.doctorbarret.com\/ca\/#website"},"datePublished":"2019-07-08T10:41:10+00:00","dateModified":"2021-11-03T08:09:24+00:00","description":"Els canvis de temperatura, el fred, el vent i la calefacci\u00f3 influeixen enormement en l\u2019estat de la nostra pell i cal seguir uns consells de cura b\u00e0sics.","breadcrumb":{"@id":"http:\/\/www.doctorbarret.com\/ca\/dr-barret\/#breadcrumb"},"inLanguage":"ca-ES","potentialAction":[{"@type":"ReadAction","target":["http:\/\/www.doctorbarret.com\/ca\/dr-barret\/"]}]},{"@type":"BreadcrumbList","@id":"http:\/\/www.doctorbarret.com\/ca\/dr-barret\/#breadcrumb","itemListElement":[{"@type":"ListItem","position":1,"name":"Home","item":"http:\/\/www.doctorbarret.com\/ca\/"},{"@type":"ListItem","position":2,"name":"Dr. Barret"}]},{"@type":"WebSite","@id":"https:\/\/www.doctorbarret.com\/ca\/#website","url":"https:\/\/www.doctorbarret.com\/ca\/","name":"WordPress","description":"Just another WordPress site","publisher":{"@id":"https:\/\/www.doctorbarret.com\/ca\/#organization"},"potentialAction":[{"@type":"SearchAction","target":{"@type":"EntryPoint","urlTemplate":"https:\/\/www.doctorbarret.com\/ca\/?s={search_term_string}"},"query-input":{"@type":"PropertyValueSpecification","valueRequired":true,"valueName":"search_term_string"}}],"inLanguage":"ca-ES"},{"@type":"Organization","@id":"https:\/\/www.doctorbarret.com\/ca\/#organization","name":"Dr.Joan-Pere Barret","url":"https:\/\/www.doctorbarret.com\/ca\/","logo":{"@type":"ImageObject","inLanguage":"ca-ES","@id":"https:\/\/www.doctorbarret.com\/ca\/#\/schema\/logo\/image\/","url":"https:\/\/www.doctorbarret.com\/wp-content\/uploads\/2017\/04\/Logo-Doctor-Barret-web-completo-castellano_AAFF.png","contentUrl":"https:\/\/www.doctorbarret.com\/wp-content\/uploads\/2017\/04\/Logo-Doctor-Barret-web-completo-castellano_AAFF.png","width":2480,"height":3508,"caption":"Dr.Joan-Pere Barret"},"image":{"@id":"https:\/\/www.doctorbarret.com\/ca\/#\/schema\/logo\/image\/"}}]}},"_links":{"self":[{"href":"http:\/\/www.doctorbarret.com\/ca\/wp-json\/wp\/v2\/pages\/4563","targetHints":{"allow":["GET"]}}],"collection":[{"href":"http:\/\/www.doctorbarret.com\/ca\/wp-json\/wp\/v2\/pages"}],"about":[{"href":"http:\/\/www.doctorbarret.com\/ca\/wp-json\/wp\/v2\/types\/page"}],"author":[{"embeddable":true,"href":"http:\/\/www.doctorbarret.com\/ca\/wp-json\/wp\/v2\/users\/1"}],"replies":[{"embeddable":true,"href":"http:\/\/www.doctorbarret.com\/ca\/wp-json\/wp\/v2\/comments?post=4563"}],"version-history":[{"count":0,"href":"http:\/\/www.doctorbarret.com\/ca\/wp-json\/wp\/v2\/pages\/4563\/revisions"}],"wp:attachment":[{"href":"http:\/\/www.doctorbarret.com\/ca\/wp-json\/wp\/v2\/media?parent=4563"}],"curies":[{"name":"wp","href":"https:\/\/api.w.org\/{rel}","templated":true}]}}