{"id":9227,"date":"2022-04-11T11:20:45","date_gmt":"2022-04-11T09:20:45","guid":{"rendered":"https:\/\/www.doctorbarret.com\/medicina-estetica\/indiba\/"},"modified":"2024-07-10T13:26:20","modified_gmt":"2024-07-10T11:26:20","slug":"indiba","status":"publish","type":"page","link":"http:\/\/www.doctorbarret.com\/ca\/medicina-estetica\/indiba\/","title":{"rendered":"Indiba \u00ae"},"content":{"rendered":"<div class=\"wpb-content-wrapper\">[vc_row el_class=&#8221;row_cir1&#8243;][vc_column][vc_empty_space height=&#8221;100px&#8221;][\/vc_column][\/vc_row][vc_row css=&#8221;.vc_custom_1497342261690{padding-top: 50px !important;}&#8221;][vc_column width=&#8221;2\/3&#8243;][vc_row_inner][vc_column_inner width=&#8221;1\/2&#8243; css=&#8221;.vc_custom_1497342988523{margin-left: 0px !important;padding-left: 0px !important;}&#8221;][vc_column_text disable_pattern=&#8221;false&#8221; el_class=&#8221;dr-color1 tratamiento-tit-rema&#8221; css=&#8221;.vc_custom_1646302915266{margin-bottom: 0px !important;}&#8221;]\n<h1>Indiba \u00ae<\/h1>\n[\/vc_column_text][vc_column_text disable_pattern=&#8221;false&#8221; css=&#8221;.vc_custom_1646927009142{margin-bottom: 0px !important;}&#8221;]\n<p style=\"text-align: justify;\"><strong>Indiba<\/strong>\u00ae \u00e9s una tecnologia exclusiva i patentada que s&#8217;empra en <strong>medicina est\u00e8tica i tractaments postquir\u00fargics.<\/strong> El seu sistema de radiofreq\u00fc\u00e8ncia \u00e9s un <strong>tractament indolor, sense efectes secundaris i amb propietats regeneratives.<\/strong><\/p>\n<p style=\"text-align: justify;\">Les aplicacions d\u00b4Indiba\u00ae en medicina est\u00e8tica facial i corporal s\u00f3n molt variades gr\u00e0cies als seus excel\u00b7lents resultats. S&#8217;empra per <strong>eliminar la flaccidesa del rostre i del cos, millorar l&#8217;aspecte de les cicatrius, reduir la cel\u00b7lulitis<\/strong>\u2026 En definitiva, el seu efecte regenerador permet millorar l&#8217;aparen\u00e7a del rostre i el cos de manera efica\u00e7 i indolora.<\/p>\n[\/vc_column_text][\/vc_column_inner][vc_column_inner width=&#8221;1\/2&#8243;][vc_single_image image=&#8221;9077&#8243; img_size=&#8221;full&#8221; alignment=&#8221;center&#8221;][\/vc_column_inner][\/vc_row_inner][vc_column_text disable_pattern=&#8221;false&#8221; css=&#8221;.vc_custom_1646927041201{margin-bottom: 0px !important;}&#8221;]\n<p style=\"text-align: justify;\">La radiofreq\u00fc\u00e8ncia del m\u00e8tode Indiba \u00ae ha demostrat ser el tractament m\u00e9s indicat per <strong>regenerar els teixits, reafirmar la pell i reduir el greix localitzat.<\/strong> El seu funcionament est\u00e0 basat en la diat\u00e8rmia, un tractament que utilitza ones electromagn\u00e8tiques que penetren fins a la dermis i estimulen el col\u00b7lagen i, fins i tot, arriben al m\u00fascul per tonificar-lo.<\/p>\n<p style=\"text-align: justify;\">En afavorir la s\u00edntesi de <strong>col\u00b7lagen i elastina<\/strong>, es produeix un efecte tensor en la pell i pot\u00e8ncia la regeneraci\u00f3 dels teixits. L&#8217;augment controlat de la temperatura en els teixits profunds activa processos antiinflamatoris i antiadipog\u00e8nics sense afectar les capes superficials de la pell. Per aquest motiu, els tractaments amb Indiba \u00ae no necessiten preparaci\u00f3 pr\u00e8via ni rep\u00f2s posterior.<\/p>\n<p style=\"text-align: justify;\">Indiba \u00ae estimula el metabolisme de les c\u00e8l\u00b7lules, amb el que augmenta el flux sanguini en la zona tractada. Aquesta estimulaci\u00f3 aporta major oxigenaci\u00f3, nutrici\u00f3 i hidrataci\u00f3 al teixit. Gr\u00e0cies a aquest proc\u00e9s, s&#8217;aconsegueix una pell m\u00e9s ferma i regenerada, amb un contorn remodelat i amb menys cel\u00b7lulitis.<\/p>\n[\/vc_column_text][\/vc_column][vc_column width=&#8221;1\/3&#8243;][vc_widget_sidebar sidebar_id=&#8221;sidebar-1&#8243;][\/vc_column][\/vc_row][vc_row fullwidth=&#8221;true&#8221; fullwidth_content=&#8221;false&#8221; css=&#8221;.vc_custom_1646301304053{margin-top: 60px !important;padding-top: 80px !important;padding-bottom: 60px !important;background-color: #ededed !important;}&#8221;][vc_column width=&#8221;1\/2&#8243;][vc_column_text disable_pattern=&#8221;false&#8221; el_class=&#8221;tit-form-tratamiento&#8221;]\n<h3>Beneficis<\/h3>\n[\/vc_column_text][mk_custom_list icon_color=&#8221;#81d742&#8243; el_class=&#8221;font-ulight&#8221;]\n<ul>\n<li>Reafirma i tonifica el rostre i el cos<\/li>\n<li>Accelera la cicatritzaci\u00f3 postoperat\u00f2ria<\/li>\n<li>Redueix hematomes i inflamaci\u00f3 postoperatoris<\/li>\n<\/ul>\n[\/mk_custom_list][\/vc_column][vc_column width=&#8221;1\/2&#8243;][mk_custom_list icon_color=&#8221;#81d742&#8243; el_class=&#8221;font-ulight&#8221;]\n<ul>\n<li>Augmenta la producci\u00f3 de col\u00b7lagen i elastina<\/li>\n<li>Hidrata a nivell profund<\/li>\n<li>Millora l&#8217;elasticitat de la pell<\/li>\n<li>Redueix la cel\u00b7lulitis i el greix localitzat<\/li>\n<li>Remodela el contorn corporal<\/li>\n<\/ul>\n[\/mk_custom_list][\/vc_column][\/vc_row][vc_row css=&#8221;.vc_custom_1646301233974{padding-top: 50px !important;}&#8221;][vc_column][vc_column_text disable_pattern=&#8221;false&#8221; el_class=&#8221;tit-form-tratamiento&#8221;]\n<h3>Demana una primera valoraci\u00f3 amb el Dr. Joan Pere Barret<\/h3>\n[\/vc_column_text][vc_separator color=&#8221;custom&#8221; align=&#8221;align_left&#8221; el_width=&#8221;70&#8243; accent_color=&#8221;#444444&#8243;][contact-form-7 id=&#8221;194&#8243;][\/vc_column][\/vc_row]\n<\/div>","protected":false},"excerpt":{"rendered":"<p>[vc_row el_class=&#8221;row_cir1&#8243;][vc_column][vc_empty_space height=&#8221;100px&#8221;][\/vc_column][\/vc_row][vc_row css=&#8221;.vc_custom_1497342261690{padding-top: 50px !important;}&#8221;][vc_column width=&#8221;2\/3&#8243;][vc_row_inner][vc_column_inner width=&#8221;1\/2&#8243; css=&#8221;.vc_custom_1497342988523{margin-left: 0px !important;padding-left: 0px !important;}&#8221;][vc_column_text disable_pattern=&#8221;false&#8221; el_class=&#8221;dr-color1 tratamiento-tit-rema&#8221; css=&#8221;.vc_custom_1646302915266{margin-bottom: 0px !important;}&#8221;] Indiba \u00ae [\/vc_column_text][vc_column_text disable_pattern=&#8221;false&#8221; css=&#8221;.vc_custom_1646927009142{margin-bottom: 0px !important;}&#8221;] Indiba\u00ae \u00e9s una tecnologia exclusiva i patentada que s&#8217;empra en medicina est\u00e8tica i tractaments postquir\u00fargics. El seu sistema de radiofreq\u00fc\u00e8ncia \u00e9s un tractament indolor, sense efectes secundaris i amb [&hellip;]<\/p>\n","protected":false},"author":2,"featured_media":0,"parent":8973,"menu_order":8,"comment_status":"closed","ping_status":"closed","template":"","meta":{"_joinchat":[],"footnotes":""},"class_list":["post-9227","page","type-page","status-publish","hentry"],"yoast_head":"<!-- This site is optimized with the Yoast SEO plugin v27.5 - https:\/\/yoast.com\/product\/yoast-seo-wordpress\/ -->\n<title>Indiba: medicina est\u00e8tica facial i corporal | Dr.Joan Pere Barret<\/title>\n<meta name=\"description\" content=\"Indiba\u00ae \u00e9s una tecnologia exclusiva i patentada que s&#039;empra en tractaments de medicina est\u00e8tica facial i corporal.\" \/>\n<meta name=\"robots\" content=\"index, follow, max-snippet:-1, max-image-preview:large, max-video-preview:-1\" \/>\n<link rel=\"canonical\" href=\"http:\/\/www.doctorbarret.com\/ca\/medicina-estetica\/indiba\/\" \/>\n<meta property=\"og:locale\" content=\"ca_ES\" \/>\n<meta property=\"og:type\" content=\"article\" \/>\n<meta property=\"og:title\" content=\"Indiba: medicina est\u00e8tica facial i corporal | Dr.Joan Pere Barret\" \/>\n<meta property=\"og:description\" content=\"Indiba\u00ae \u00e9s una tecnologia exclusiva i patentada que s&#039;empra en tractaments de medicina est\u00e8tica facial i corporal.\" \/>\n<meta property=\"og:url\" content=\"http:\/\/www.doctorbarret.com\/ca\/medicina-estetica\/indiba\/\" \/>\n<meta property=\"og:site_name\" content=\"WordPress\" \/>\n<meta property=\"article:modified_time\" content=\"2024-07-10T11:26:20+00:00\" \/>\n<meta name=\"twitter:card\" content=\"summary_large_image\" \/>\n<meta name=\"twitter:label1\" content=\"Est. reading time\" \/>\n\t<meta name=\"twitter:data1\" content=\"2 minutes\" \/>\n<script type=\"application\/ld+json\" class=\"yoast-schema-graph\">{\"@context\":\"https:\\\/\\\/schema.org\",\"@graph\":[{\"@type\":\"WebPage\",\"@id\":\"http:\\\/\\\/www.doctorbarret.com\\\/ca\\\/medicina-estetica\\\/indiba\\\/\",\"url\":\"http:\\\/\\\/www.doctorbarret.com\\\/ca\\\/medicina-estetica\\\/indiba\\\/\",\"name\":\"Indiba: medicina est\u00e8tica facial i corporal | Dr.Joan Pere Barret\",\"isPartOf\":{\"@id\":\"https:\\\/\\\/www.doctorbarret.com\\\/ca\\\/#website\"},\"datePublished\":\"2022-04-11T09:20:45+00:00\",\"dateModified\":\"2024-07-10T11:26:20+00:00\",\"description\":\"Indiba\u00ae \u00e9s una tecnologia exclusiva i patentada que s'empra en tractaments de medicina est\u00e8tica facial i corporal.\",\"breadcrumb\":{\"@id\":\"http:\\\/\\\/www.doctorbarret.com\\\/ca\\\/medicina-estetica\\\/indiba\\\/#breadcrumb\"},\"inLanguage\":\"ca-ES\",\"potentialAction\":[{\"@type\":\"ReadAction\",\"target\":[\"http:\\\/\\\/www.doctorbarret.com\\\/ca\\\/medicina-estetica\\\/indiba\\\/\"]}]},{\"@type\":\"BreadcrumbList\",\"@id\":\"http:\\\/\\\/www.doctorbarret.com\\\/ca\\\/medicina-estetica\\\/indiba\\\/#breadcrumb\",\"itemListElement\":[{\"@type\":\"ListItem\",\"position\":1,\"name\":\"Home\",\"item\":\"http:\\\/\\\/www.doctorbarret.com\\\/ca\\\/\"},{\"@type\":\"ListItem\",\"position\":2,\"name\":\"Medicina Est\u00e8tica\",\"item\":\"https:\\\/\\\/www.doctorbarret.com\\\/ca\\\/medicina-estetica\\\/\"},{\"@type\":\"ListItem\",\"position\":3,\"name\":\"Indiba \u00ae\"}]},{\"@type\":\"WebSite\",\"@id\":\"https:\\\/\\\/www.doctorbarret.com\\\/ca\\\/#website\",\"url\":\"https:\\\/\\\/www.doctorbarret.com\\\/ca\\\/\",\"name\":\"WordPress\",\"description\":\"Just another WordPress site\",\"publisher\":{\"@id\":\"https:\\\/\\\/www.doctorbarret.com\\\/ca\\\/#organization\"},\"potentialAction\":[{\"@type\":\"SearchAction\",\"target\":{\"@type\":\"EntryPoint\",\"urlTemplate\":\"https:\\\/\\\/www.doctorbarret.com\\\/ca\\\/?s={search_term_string}\"},\"query-input\":{\"@type\":\"PropertyValueSpecification\",\"valueRequired\":true,\"valueName\":\"search_term_string\"}}],\"inLanguage\":\"ca-ES\"},{\"@type\":\"Organization\",\"@id\":\"https:\\\/\\\/www.doctorbarret.com\\\/ca\\\/#organization\",\"name\":\"Dr.Joan-Pere Barret\",\"url\":\"https:\\\/\\\/www.doctorbarret.com\\\/ca\\\/\",\"logo\":{\"@type\":\"ImageObject\",\"inLanguage\":\"ca-ES\",\"@id\":\"https:\\\/\\\/www.doctorbarret.com\\\/ca\\\/#\\\/schema\\\/logo\\\/image\\\/\",\"url\":\"https:\\\/\\\/www.doctorbarret.com\\\/wp-content\\\/uploads\\\/2017\\\/04\\\/Logo-Doctor-Barret-web-completo-castellano_AAFF.png\",\"contentUrl\":\"https:\\\/\\\/www.doctorbarret.com\\\/wp-content\\\/uploads\\\/2017\\\/04\\\/Logo-Doctor-Barret-web-completo-castellano_AAFF.png\",\"width\":2480,\"height\":3508,\"caption\":\"Dr.Joan-Pere Barret\"},\"image\":{\"@id\":\"https:\\\/\\\/www.doctorbarret.com\\\/ca\\\/#\\\/schema\\\/logo\\\/image\\\/\"}}]}<\/script>\n<!-- \/ Yoast SEO plugin. -->","yoast_head_json":{"title":"Indiba: medicina est\u00e8tica facial i corporal | Dr.Joan Pere Barret","description":"Indiba\u00ae \u00e9s una tecnologia exclusiva i patentada que s'empra en tractaments de medicina est\u00e8tica facial i corporal.","robots":{"index":"index","follow":"follow","max-snippet":"max-snippet:-1","max-image-preview":"max-image-preview:large","max-video-preview":"max-video-preview:-1"},"canonical":"http:\/\/www.doctorbarret.com\/ca\/medicina-estetica\/indiba\/","og_locale":"ca_ES","og_type":"article","og_title":"Indiba: medicina est\u00e8tica facial i corporal | Dr.Joan Pere Barret","og_description":"Indiba\u00ae \u00e9s una tecnologia exclusiva i patentada que s'empra en tractaments de medicina est\u00e8tica facial i corporal.","og_url":"http:\/\/www.doctorbarret.com\/ca\/medicina-estetica\/indiba\/","og_site_name":"WordPress","article_modified_time":"2024-07-10T11:26:20+00:00","twitter_card":"summary_large_image","twitter_misc":{"Est. reading time":"2 minutes"},"schema":{"@context":"https:\/\/schema.org","@graph":[{"@type":"WebPage","@id":"http:\/\/www.doctorbarret.com\/ca\/medicina-estetica\/indiba\/","url":"http:\/\/www.doctorbarret.com\/ca\/medicina-estetica\/indiba\/","name":"Indiba: medicina est\u00e8tica facial i corporal | Dr.Joan Pere Barret","isPartOf":{"@id":"https:\/\/www.doctorbarret.com\/ca\/#website"},"datePublished":"2022-04-11T09:20:45+00:00","dateModified":"2024-07-10T11:26:20+00:00","description":"Indiba\u00ae \u00e9s una tecnologia exclusiva i patentada que s'empra en tractaments de medicina est\u00e8tica facial i corporal.","breadcrumb":{"@id":"http:\/\/www.doctorbarret.com\/ca\/medicina-estetica\/indiba\/#breadcrumb"},"inLanguage":"ca-ES","potentialAction":[{"@type":"ReadAction","target":["http:\/\/www.doctorbarret.com\/ca\/medicina-estetica\/indiba\/"]}]},{"@type":"BreadcrumbList","@id":"http:\/\/www.doctorbarret.com\/ca\/medicina-estetica\/indiba\/#breadcrumb","itemListElement":[{"@type":"ListItem","position":1,"name":"Home","item":"http:\/\/www.doctorbarret.com\/ca\/"},{"@type":"ListItem","position":2,"name":"Medicina Est\u00e8tica","item":"https:\/\/www.doctorbarret.com\/ca\/medicina-estetica\/"},{"@type":"ListItem","position":3,"name":"Indiba \u00ae"}]},{"@type":"WebSite","@id":"https:\/\/www.doctorbarret.com\/ca\/#website","url":"https:\/\/www.doctorbarret.com\/ca\/","name":"WordPress","description":"Just another WordPress site","publisher":{"@id":"https:\/\/www.doctorbarret.com\/ca\/#organization"},"potentialAction":[{"@type":"SearchAction","target":{"@type":"EntryPoint","urlTemplate":"https:\/\/www.doctorbarret.com\/ca\/?s={search_term_string}"},"query-input":{"@type":"PropertyValueSpecification","valueRequired":true,"valueName":"search_term_string"}}],"inLanguage":"ca-ES"},{"@type":"Organization","@id":"https:\/\/www.doctorbarret.com\/ca\/#organization","name":"Dr.Joan-Pere Barret","url":"https:\/\/www.doctorbarret.com\/ca\/","logo":{"@type":"ImageObject","inLanguage":"ca-ES","@id":"https:\/\/www.doctorbarret.com\/ca\/#\/schema\/logo\/image\/","url":"https:\/\/www.doctorbarret.com\/wp-content\/uploads\/2017\/04\/Logo-Doctor-Barret-web-completo-castellano_AAFF.png","contentUrl":"https:\/\/www.doctorbarret.com\/wp-content\/uploads\/2017\/04\/Logo-Doctor-Barret-web-completo-castellano_AAFF.png","width":2480,"height":3508,"caption":"Dr.Joan-Pere Barret"},"image":{"@id":"https:\/\/www.doctorbarret.com\/ca\/#\/schema\/logo\/image\/"}}]}},"_links":{"self":[{"href":"http:\/\/www.doctorbarret.com\/ca\/wp-json\/wp\/v2\/pages\/9227","targetHints":{"allow":["GET"]}}],"collection":[{"href":"http:\/\/www.doctorbarret.com\/ca\/wp-json\/wp\/v2\/pages"}],"about":[{"href":"http:\/\/www.doctorbarret.com\/ca\/wp-json\/wp\/v2\/types\/page"}],"author":[{"embeddable":true,"href":"http:\/\/www.doctorbarret.com\/ca\/wp-json\/wp\/v2\/users\/2"}],"replies":[{"embeddable":true,"href":"http:\/\/www.doctorbarret.com\/ca\/wp-json\/wp\/v2\/comments?post=9227"}],"version-history":[{"count":1,"href":"http:\/\/www.doctorbarret.com\/ca\/wp-json\/wp\/v2\/pages\/9227\/revisions"}],"predecessor-version":[{"id":11640,"href":"http:\/\/www.doctorbarret.com\/ca\/wp-json\/wp\/v2\/pages\/9227\/revisions\/11640"}],"up":[{"embeddable":true,"href":"http:\/\/www.doctorbarret.com\/ca\/wp-json\/wp\/v2\/pages\/8973"}],"wp:attachment":[{"href":"http:\/\/www.doctorbarret.com\/ca\/wp-json\/wp\/v2\/media?parent=9227"}],"curies":[{"name":"wp","href":"https:\/\/api.w.org\/{rel}","templated":true}]}}